{"id":5660,"date":"2023-09-09T16:02:00","date_gmt":"2023-09-09T15:02:00","guid":{"rendered":"https:\/\/www.mna100.ie\/?post_type=centenary-moments&#038;p=5660"},"modified":"2024-07-09T16:03:10","modified_gmt":"2024-07-09T15:03:10","slug":"ireland-among-the-nations","status":"publish","type":"centenary-moments","link":"https:\/\/www.mna100.ie\/ga\/centenary-moments\/ireland-among-the-nations\/","title":{"rendered":"Ireland: Among the Nations"},"content":{"rendered":"<div class=\"gdpr-ifbc-wrap\">\n<iframe loading=\"lazy\" src=\"https:\/\/www.mna100.ie\/wp\/wp-admin\/admin-ajax.php?action=gdpr_iframe_blocker&amp;src=https:\/\/embed.acast.com\/da2cd2bd-c77e-459a-a84a-830f28a8829a\/64feec02c8c8e20011f315f5\" frameborder=\"0\" width=\"100%\" height=\"190px\" data-gdpr-iframesrc=\"https:\/\/embed.acast.com\/da2cd2bd-c77e-459a-a84a-830f28a8829a\/64feec02c8c8e20011f315f5\"><\/iframe>\n\n\n\n<p>San eagr\u00e1n podchraolt\u00f3ireachta seo, scr\u00fada\u00edtear na himeachta\u00ed a tharla 100 bliain \u00f3 shin maidir le ballra\u00edocht na h\u00c9ireann i gConradh na N\u00e1isi\u00fan agus san Eagra\u00edocht Idirn\u00e1isi\u00fanta Saothair \u00f3n mbliain 1923 amach.\u00a0 Beidh an tOllamh Mary Daly, Francis Devine, Phillip Emmet agus Thomas Emmet le cloiste\u00e1il.\u00a0 Is \u00e9 seo an t-eagr\u00e1n deireanach faoin teideal \u2013 Is it time for Emmet\u2019s epitaph? Arna scr\u00edobh agus arna chur i l\u00e1thair ag an Dr Sin\u00e9ad McCoole.<\/p>\n\n\n\n<figure class=\"wp-block-image aligncenter size-large is-resized\"><img loading=\"lazy\" decoding=\"async\" width=\"1024\" height=\"683\" src=\"https:\/\/www.mna100.ie\/app\/uploads\/2023\/09\/Mary-Daly-with-Gold-Medal1-1024x683.jpg\" alt class=\"wp-image-5089\" style=\"width:1024px;height:auto\" srcset=\"https:\/\/www.mna100.ie\/app\/uploads\/2023\/09\/Mary-Daly-with-Gold-Medal1-1024x683.jpg 1024w, https:\/\/www.mna100.ie\/app\/uploads\/2023\/09\/Mary-Daly-with-Gold-Medal1-300x200.jpg 300w, https:\/\/www.mna100.ie\/app\/uploads\/2023\/09\/Mary-Daly-with-Gold-Medal1-768x512.jpg 768w, https:\/\/www.mna100.ie\/app\/uploads\/2023\/09\/Mary-Daly-with-Gold-Medal1-1536x1024.jpg 1536w, https:\/\/www.mna100.ie\/app\/uploads\/2023\/09\/Mary-Daly-with-Gold-Medal1-2048x1365.jpg 2048w\" sizes=\"auto, (max-width: 1024px) 100vw, 1024px\"><figcaption class=\"wp-element-caption\"><em>An tOllamh Mary Daly le Bonn \u00d3ir 2020 Acadamh R\u00edoga na h\u00c9ireann.\u00a0 Griangraf le Johnny Bambury, grianghrafad\u00f3ir. Grianghraf le caoinchead \u00f3n Ollamh Mary Daly.<\/em><\/figcaption><\/figure>\n\n\n\n<h2 class=\"wp-block-heading\">An tOllamh Mary Daly<\/h2>\n\n\n\n<p>Is \u00ed an tOllamh Mary Daly Uachtar\u00e1n Acadamh R\u00edoga na h\u00c9ireann.\u00a0 Fuair s\u00ed c\u00e9im dh\u00fabailte c\u00e9ad on\u00f3racha sa Stair agus san Eacnama\u00edocht chomh maith le c\u00e9im m\u00e1istreachta le taighde as Col\u00e1iste na hOllscoile, Baile \u00c1tha Cliath agus ghn\u00f3thaigh s\u00ed Spar\u00e1ntacht Taistil \u00f3 Ollscoil na h\u00c9ireann. \u00a0Rinne s\u00ed taighde docht\u00faireachta in Nuffield College in Oxford. \u00a0T\u00e1 s\u00ed ar fhoireann Chol\u00e1iste na hOllscoile, Baile \u00c1tha Cliath \u00f3n mbliain 1973.\u00a0 Chaith s\u00ed sealanna cuairte in Ollscoil Harvard agus in ollscoil Boston College. Ar stair an nao\u00fa c\u00e9ad d\u00e9ag agus an fichi\u00fa aois in \u00c9irinn a bh\u00edonn a cuid teagaisc agus a cuid taighde d\u00edrithe.<\/p>\n\n\n\n<p>T\u00e1 ocht gcinn de leabhair scr\u00edofa aici f\u00e9in chomh maith le bheith ina heagarth\u00f3ir\/comh\u00fadar ar ch\u00faig cinn de leabhair agus l\u00edon m\u00f3r alt a fhoilsi\u00fa.\u00a0 T\u00e1 f\u00f3namh d\u00e9anta ag Mary freisin taobh amuigh de Chol\u00e1iste na hOllscoile, Baile \u00c1tha Cliath.\u00a0 T\u00e1 s\u00ed ina comhalta ar Chomhairle Chomhairleach na Cartlainne N\u00e1isi\u00fanta agus ar Choimisi\u00fan L\u00e1mhscr\u00edbhinn\u00ed na h\u00c9ireann.\u00a0 Bh\u00ed s\u00ed ina R\u00fana\u00ed ar Acadamh R\u00edoga na h\u00c9ireann 2000\u20132004, agus ina leaschathaoirleach ar Ghr\u00fapa Oibre an Acadaimh maidir leis an Ardoideachas, ar foils\u00edodh tuarasc\u00e1il d\u00e1 chuid i m\u00ed\u00a0I\u00fail 2005. Sa bhliain 2014, ceapadh an tOllamh \u00a0Daly ina hUachtar\u00e1n ar an Acadamh, an ch\u00e9ad bhean sa phost sin tar \u00e9is stair 230 na heagra\u00edochta.<\/p>\n\n\n\n<figure class=\"wp-block-image aligncenter size-full\"><img loading=\"lazy\" decoding=\"async\" width=\"450\" height=\"640\" src=\"https:\/\/www.mna100.ie\/app\/uploads\/2023\/09\/Francis-Devine.jpg\" alt class=\"wp-image-5091\" srcset=\"https:\/\/www.mna100.ie\/app\/uploads\/2023\/09\/Francis-Devine.jpg 450w, https:\/\/www.mna100.ie\/app\/uploads\/2023\/09\/Francis-Devine-211x300.jpg 211w\" sizes=\"auto, (max-width: 450px) 100vw, 450px\"><figcaption class=\"wp-element-caption\"><em>Francis Devine. Grianghraf le caoinchead Francis Devine.<\/em><\/figcaption><\/figure>\n\n\n\n<h2 class=\"wp-block-heading\">Francis Devine<\/h2>\n\n\n\n<p>Teagasc\u00f3ir at\u00e1 ar scor anois \u00e9 Francis Devine.\u00a0 Is \u00fadar freisin \u00e9 agus chaith s\u00e9 seal ina Uachtar\u00e1n ar Chumann Stair an Lucht Oibre in \u00c9irinn.\u00a0 Is \u00e9 \u00fadar an leabhair <em>Organising History: A Centenary of SIPTU<\/em> (Gill &amp; Macmillan, Baile \u00c1tha Cliath, 2009) agus t\u00e1 s\u00e9 ar dhuine d\u2019iontaobhaithe leabharlann an Working Class Movement Library i Manchain Shasana. T\u00e1 s\u00e9 ina Chomhalta ar Bhord Feidhmi\u00fach\u00e1in Chearchumann Ceolt\u00f3ir\u00ed na h\u00c9ireann agus t\u00e1 bailchr\u00edoch \u00e1 cur aige ar na saothair <em>Cultivating a Trade Union Culture: A History of the Medical Laboratory Scientists\u2019 Association, 1961\u20132011<\/em> agus <em>Communicating the Union: A History of the Communications Workers\u2019 Union, 1904\u20132012<\/em>.<\/p>\n\n\n\n<figure class=\"wp-block-image aligncenter size-full\"><img loading=\"lazy\" decoding=\"async\" width=\"764\" height=\"658\" src=\"https:\/\/www.mna100.ie\/app\/uploads\/2023\/09\/Hall-Tour-Close-Up.jpg\" alt class=\"wp-image-5093\" srcset=\"https:\/\/www.mna100.ie\/app\/uploads\/2023\/09\/Hall-Tour-Close-Up.jpg 764w, https:\/\/www.mna100.ie\/app\/uploads\/2023\/09\/Hall-Tour-Close-Up-300x258.jpg 300w\" sizes=\"auto, (max-width: 764px) 100vw, 764px\"><figcaption class=\"wp-element-caption\"><em>Phillip agus Thomas Emmet i mbun turais ar Chaisle\u00e1n Altidore.<\/em><\/figcaption><\/figure>\n\n\n\n<h2 class=\"wp-block-heading\">Phillip Emmet<\/h2>\n\n\n\n<p>Rinne Phillip Emmet staid\u00e9ar ag an Royal Agricultural College in Cirencester Shasana.\u00a0 \u00d3 th\u00e1inig seisean i seilbh east\u00e1t Chaisle\u00e1n Altidore sa bhliain 1990, d\u2019athraigh s\u00e9\u00a0an modh feirmeoireachta go saothr\u00fa\u00a0org\u00e1nach sa bhliain 1994 agus phland\u00e1il s\u00e9 tr\u00ed cinn de choillte crann d\u00fachasach sa bhliain 2005 ar east\u00e1t a bh\u00ed faoi r\u00e9imse \u00e9ags\u00fail cine\u00e1lacha crann cheana f\u00e9in.\u00a0 Chaith s\u00e9 seal ar an bpain\u00e9al deimhni\u00fach\u00e1in ag an Iontaobhas Org\u00e1nach.\u00a0 T\u00e1 s\u00e9 tugtha go m\u00f3r do chrainn, do ch\u00farsa\u00ed caomhn\u00fach\u00e1in agus don bheartas timpeallachta.\u00a0 Bh\u00ed baint mh\u00f3r aige f\u00e9in agus ag a bhean, Vicky, le tion\u00f3l mhuintir Emmet sa bhliain 1998, nuair a th\u00e1inig suas le ceithre ch\u00e9ad duine den teaghlach le ch\u00e9ile, agus leis an gcom\u00f3radh dh\u00e1 ch\u00e9ad bliain ar \u00c9ir\u00ed Amach Roibe\u00e1rd Emmet sa bhliain 2003.\u00a0 T\u00e1 s\u00e9 ar an mbord faoi l\u00e1thair ag Tithe Stairi\u00fala na h\u00c9ireann agus b\u00e9im \u00e1 leagan aige ar iarracht aitheantas an rialtais a ghn\u00f3th\u00fa don bhith\u00e9ags\u00falacht agus don r\u00f3l bunt\u00e1bhachtach at\u00e1\u00a0le tithe stairi\u00fala sa phr\u00f3iseas.<\/p>\n\n\n\n<h2 class=\"wp-block-heading\">Thomas Emmet<\/h2>\n\n\n\n<p>Is c\u00e9im\u00ed staire Thomas Emmet de chuid Chol\u00e1iste na Tr\u00edon\u00f3ide, Baile \u00c1tha Cliath, an ch\u00e9ad duine den teaghlach a d\u2019fhreastail an col\u00e1iste sin \u00f3 caitheadh amach Robert Emmet. \u00a0Oibr\u00edonn s\u00e9 faoi l\u00e1thair le f\u00e9ilte \u00e9ags\u00fala, le tithe stairi\u00fala agus leis an bp\u00e1irt\u00ed S\u00f3isialach Daonlathach maidir leis an gc\u00e9ad toghch\u00e1n eile.\u00a0 T\u00e1 s\u00e9 ar bhord sti\u00farth\u00f3ir\u00ed Thithe Stairi\u00fala na h\u00c9ireann, ina ionada\u00ed ag an ngl\u00fain at\u00e1\u00a0le teacht agus t\u00e1 s\u00e9 freisin ar Bhord an Ch\u00e9ad Ghl\u00fain Eile ag Tithe Stairi\u00fala na hEorpa le b\u00e9im ar ch\u00farsa\u00ed oideachais maidir le hathr\u00fa ar thithe stairi\u00fala.\u00a0 T\u00e1 s\u00e9 an-tugtha do ch\u00farsa\u00ed\u00a0caomhn\u00fach\u00e1in, don athfhi\u00e1ntas agus don ch\u00f3ir sh\u00f3isialta, agus t\u00e1 beartaithe aige na r\u00e9ims\u00ed sp\u00e9ise sin a cheangal le Caisle\u00e1n Altidore Castle nuair a bheidh s\u00e9 ar an gceathr\u00fa gl\u00fain le c\u00f3na\u00ed\u00a0a dh\u00e9anamh ansin.<\/p>\n\n\n\t\t\r\n<!--#section-contentpage\" -->\r\n<section class=\"section-contentpage pt-5\">\r\n\t<div class=\"container py-5\">\r\n\t\t<div class=\"row\">\r\n\t\t\t\t\t<div class=\"col-12 mb-4 mb-xl-0 order-1 order-xl-2\">\r\n\t\t\t\t\t\t<style>\r\n\t\t\t\t\t.carousel{ position:relative; }\r\n\t\t\t\t\t.carousel-item{ position:relative; }\r\n\t\t\t\t\t.carousel-caption{ position:relative; top:1rem; left:1rem; bottom:inherit; padding:0; width:auto; text-align:left; }\r\n\t\t\t\t\t.carousel-caption h3{ color:#fff; font-size:1.2rem; margin-bottom:0; }\r\n\t\t\t\t\t.carousel-caption p{ color:#A68F71; font-size:1rem; }\r\n\t\t\t\t\t.carousel-item .image-container{ height:600px; max-width:75%; margin:0 auto; position: relative; }\r\n\t\t\t\t\t.carousel-item .image-container img, .carousel-item .image-container a{ height:auto; max-height:100%; max-width:75%; }\r\n\t\t\t\t\t.carousel-caption .carousel-caption-content{ display:none!important; }\r\n\t\t\t\t\t.carousel-caption p{ margin-bottom:0; }\r\n\t\t\t\t\t.carousel-fullscreen{ width:100%; position:absolute; bottom:0; left:0; color:#fff; text-align:center; padding:1rem; }\r\n\t\t\t\t\t.carousel-fullscreen:hover{ color:#fff; cursor:pointer; }\r\n\t\t\t\t\t\r\n\t\t\t\t\t.carousel-contentinfo h3{ font-size: calc(14px + (21 - 16) * ((100vw - 300px) \/ (1600 - 300))); }\r\n\t\t\t\t\t\r\n\t\t\t\t\t.carousel-contentinfo p{ font-size: calc(14px + (18 - 14) * ((100vw - 300px) \/ (1600 - 300))); }\r\n\t\t\t\t\t\r\n\t\t\t\t\t\/*carouselModal*\/\r\n\t\t\t\t\t#carouselModal .carousel-fullscreen{ display:none; }\r\n\t\t\t\t\t#carouselModal .carousel-inner{ height:100%; }\r\n\t\t\t\t\t#carouselModal .carousel-item .image-container{ height:60vh; max-height:100%; max-width:75%; padding:0!important; }\r\n\t\t\t\t\t#carouselModal .carousel-caption{ position:relative; left:0; width:65%; text-align:left; margin:0 auto; overflow-y:overlay; max-height: 26vh;  height:26vh; }\r\n\t\t\t\t\t#carouselModal .carousel-caption h3{ color:#fff; font-size:1.2rem; margin-bottom:0; }\r\n\t\t\t\t\t#carouselModal .carousel-caption p{ color:#fff; font-size:1rem; padding-right: 20px; }\r\n\t\t\t\t\t#carouselModal .carousel-caption .carousel-caption-content{ display:block!important; margin-top:1rem; }\r\n\t\t\t\t\t#carouselModal .close{ position:absolute; z-index:10; top:2rem; right:2rem; color:#fff; font-size:4rem; line-height:0; }\r\n\t\t\t\t\t\r\n\t\t\t\t\t#carouselModal {\r\n\t\t\t\t\t  padding: 0 !important;\r\n\t\t\t\t\t}\r\n\t\t\t\t\t#carouselModal .modal-dialog {\r\n\t\t\t\t\t  width: 100%;\r\n\t\t\t\t\t  max-width: none;\r\n\t\t\t\t\t  height: 100%;\r\n\t\t\t\t\t  margin: 0;\r\n\t\t\t\t\t}\r\n\t\t\t\t\t#carouselModal .modal-content {\r\n\t\t\t\t\t  height: 100%;\r\n\t\t\t\t\t  border: 0;\r\n\t\t\t\t\t  border-radius: 0;\r\n\t\t\t\t\t  background-color:#000;\r\n\t\t\t\t\t}\r\n\t\t\t\t\t#carouselModal .modal-body {\r\n\t\t\t\t\t  overflow-y: auto;\r\n\t\t\t\t\t}\r\n\t\t\t\t\t\r\n\t\t\t\t\t#panzoomModal {\r\n\t\t\t\t\t  padding: 0 !important;\r\n\t\t\t\t\t}\r\n\t\t\t\t\t#panzoomModal .modal-dialog {\r\n\t\t\t\t\t  width: 100%;\r\n\t\t\t\t\t  max-width: none;\r\n\t\t\t\t\t  height: 100%;\r\n\t\t\t\t\t  margin: 0;\r\n\t\t\t\t\t}\r\n\t\t\t\t\t#panzoomModal .modal-content {\r\n\t\t\t\t\t  height: 100%;\r\n\t\t\t\t\t  border: 0;\r\n\t\t\t\t\t  border-radius: 0;\r\n\t\t\t\t\t  background-color:#000;\r\n\t\t\t\t\t}\r\n\t\t\t\t\t#panzoomModal .modal-body {\r\n\t\t\t\t\t  overflow-y: auto;\r\n\t\t\t\t\t}\r\n\t\t\t\t\t\r\n\t\t\t\t\t.panzoom-modal{ position:relative; display:table; text-align: center; }\r\n\t\t\t\t\t.panzoom-modal:before{ cursor:pointer; content:\"+\"; position:absolute; border-radius:50%; width:30px; height:30px; background-color:#fff; color:#000; font-size:1rem; line-height:0; display:flex; align-items:center; justify-content:center; top:calc( 50% - 15px ); left:calc( 50% - 15px ); }\r\n\t\t\t\t\t\r\n\t\t\t\t\t\/* ========================================================\r\n\t\t\t\t\t-MOBILE\r\n\t\t\t\t\t==========================================================*\/\r\n\t\t\t\t\t\/*less than 576px*\/\r\n\t\t\t\t\t@media (max-width: 576px) {\r\n\t\t\t\t\t\t.navbar-brand svg{ width:200px; }\t\r\n\t\t\t\t\t}\r\n\r\n\t\t\t\t\t\/*between 576px and 768px*\/\r\n\t\t\t\t\t@media (min-width: 576px) and (max-width: 768px) {\r\n\t\t\t\t\t\t\r\n\t\t\t\t\t}\r\n\r\n\t\t\t\t\t\/*less than 768px*\/\r\n\t\t\t\t\t@media (max-width: 768px){\r\n\t\t\t\t\t\t#carouselModal .carousel-item .image-container{ height:auto; max-height:100%; max-width:100%; padding:0!important; }\r\n\t\t\t\t\t\t.carousel-caption h3{ color:#fff; font-size:1rem; margin-bottom:0; }\r\n\t\t\t\t\t\t.carousel-caption p{ color:#A68F71; font-size:1rem; }\r\n\t\t\t\t\t\t#carouselModal .carousel-caption p{ font-size:0.8rem; }\r\n\t\t\t\t\t}\r\n\r\n\t\t\t\t\t\/*between 768px and 992px*\/\r\n\t\t\t\t\t@media (min-width: 768px) and (max-width: 992px) {\r\n\t\t\t\t\t\t\r\n\t\t\t\t\t}\r\n\r\n\t\t\t\t\t\/*less than 992px*\/\r\n\t\t\t\t\t@media (max-width: 992px) {\r\n\t\t\t\t\t\t\r\n\t\t\t\t\t}\r\n\r\n\t\t\t\t\t\/*more than 992px*\/\r\n\t\t\t\t\t@media (min-width: 992px) {\t\r\n\t\t\t\t\t\t\r\n\t\t\t\t\t}\r\n\r\n\t\t\t\t\t\/*between 992px and 1200px*\/\r\n\t\t\t\t\t@media (min-width: 992px) and (max-width: 1200px) {\r\n\t\t\t\t\t\t\t\t\t\t\t\t\t\r\n\t\t\t\t\t}\r\n\r\n\t\t\t\t\t\/*more than 1200px*\/\r\n\t\t\t\t\t@media (max-width: 1200px) {\r\n\t\t\t\t\t\t\r\n\t\t\t\t\t}\r\n\r\n\t\t\t\t\t\/*more than 1200px*\/\r\n\t\t\t\t\t@media (min-width: 1200px) {\r\n\t\t\t\t\t\t\r\n\t\t\t\t\t}\r\n\t\t\t\t\r\n\t\t\t\t<\/style>\r\n\t\t\t\t\t\t\t\t\t<div class=\"section-carousel section-carousel-gallery bg-color-white h-100\">\r\n\t\t\t\t\t\t<h2 class=\"sr-only\"><\/h2>\r\n\t\t\t\t\t\t<div class=\"carousel slide h-100\" data-bs-ride=\"carousel\" id=\"carouselIndicators\">\r\n\t\t\t\t\t\t\t\t\t\t\t\t\t\t<div class=\"carousel-inner\">\r\n\t\t\t\t\t\t\t\t\t\t\t\t\t\t\t\t\t\t<div class=\"carousel-item active \">\r\n\t\t\t\t\t\t\t\t\t\t\t<div class=\"image-container d-flex align-items-center justify-content-center py-5 mt-5 mt-lg-4\">\r\n\t\t\t\t\t\t\t\t\t\t\t\t\t\t\t\t\t\t\t\t\t\t\t\t\t\t\t<!--<a class=\"panzoom-modal\" style=\"max-width:%;\" data-toggle=\"modal\" data-target=\"#panzoomModal\">-->\r\n\t\t\t\t\t\t\t\t\t\t\t\t\t\t\t\t<img decoding=\"async\" loading=\"lazy\" alt=\"A man stands over the excavated grave while a labourer stops his work for the photograph. Image courtesy of the Representative Church Body Library from \u2018Digging for Emmet: Ghostly images from Dublin\u2019s past brought back to life through digitization\u2019 by Bryan Whelan.\" src=\"https:\/\/www.mna100.ie\/app\/uploads\/2023\/09\/Digging-for-Emmet-01.png\" style=\"max-width:86%;\">\r\n\t\t\t\t\t\t\t\t\t\t\t\t\t\t\t<!--<\/a>-->\r\n\t\t\t\t\t\t\t\t\t\t\t\t\r\n\t\t\t\t\t\t\t\t\t\t\t\t\t\t\t\t\t\t\t\t\t\t\t\t\t\t\t\r\n\t\t\t\t\t\t\t\t\t\t\t\t\t\r\n\t\t\t\t\t\t\t\t\t\t\t\t\t\r\n\t\t\t\t\t\t\t\r\n\t\t\t\t\t\t\t\t\t\t\t\t\t<!-- <button class=\"carousel-control-prev\" data-bs-slide=\"prev\" data-bs-target=\"#carouselIndicators\" type=\"button\">\r\n\t\t\t\t\t\t\t\t\t\t\t\t\t\t<img decoding=\"async\" src=\"\/app\/themes\/mna100\/resources\/assets\/images\/carousel-prev.png\"> \r\n\t\t\t\t\t\t\t\t\t\t\t\t\t\t<span class=\"visually-hidden\">Prev<\/span>\r\n\t\t\t\t\t\t\t\t\t\t\t\t\t<\/button>\r\n\t\t\t\t\t\t\t\t\t\t\t\t\t\r\n\t\t\t\t\t\t\t\t\t\t\t\t\t<button class=\"carousel-control-next\" data-bs-slide=\"next\" data-bs-target=\"#carouselIndicators\" type=\"button\">\r\n\t\t\t\t\t\t\t\t\t\t\t\t\t\t<img decoding=\"async\" src=\"\/app\/themes\/mna100\/resources\/assets\/images\/carousel-next.png\"> \r\n\t\t\t\t\t\t\t\t\t\t\t\t\t\t<span class=\"visually-hidden\">Next<\/span>\r\n\t\t\t\t\t\t\t\t\t\t\t\t\t<\/button> -->\r\n\t\t\t\t\t\t\t\t\t\t\t\t\t\r\n\t\t\t\t\t\t\t\t\t\t\t<\/div>\r\n\t\t\t\t\t\t\t\t\t\t\t<div class=\"row carousel-contentinfo\" style=\"padding:0 15%;\">\r\n\t\t\t\t\t\t\t\t\t\t\t\t\t\t\t\t\t\t\t\t\t\t\t\t\t<div class=\"col-12\">\r\n\t\t\t\t\t\t\t\t\t\t\t\t\t\t\t\t\t\t\t\t\t\t\t\t\t\t\t\t<h3>A man stands over the excavated grave while a labourer stops his work for the photograph. Image courtesy of the Representative Church Body Library from \u2018Digging for Emmet: Ghostly images from Dublin\u2019s past brought back to life through digitization\u2019 by Bryan Whelan.<\/h3>\r\n\t\t\t\t\t\t\t\t\t\t\t\t\t<\/div>\r\n\t\t\t\t\t\t\t\t\t\t\t\t\t\t\t\t\t\t\t\t\t\t\t<\/div>\r\n\t\t\t\t\t\t\t\t\t\t<\/div>\r\n\t\t\t\t\t\t\t\t\t\t\t\t\t\t\t\t\t\t<div class=\"carousel-item \">\r\n\t\t\t\t\t\t\t\t\t\t\t<div class=\"image-container d-flex align-items-center justify-content-center py-5 mt-5 mt-lg-4\">\r\n\t\t\t\t\t\t\t\t\t\t\t\t\t\t\t\t\t\t\t\t\t\t\t\t\t\t\t<!--<a class=\"panzoom-modal\" style=\"max-width:%;\" data-toggle=\"modal\" data-target=\"#panzoomModal\">-->\r\n\t\t\t\t\t\t\t\t\t\t\t\t\t\t\t\t<img decoding=\"async\" loading=\"lazy\" alt=\"A large group of people survey the recent excavation works. Image courtesy of the Representative Church Body Library from \u2018Digging for Emmet: Ghostly images from Dublin\u2019s past brought back to life through digitization\u2019 by Bryan Whelan.\" src=\"https:\/\/www.mna100.ie\/app\/uploads\/2023\/09\/Digging-for-Emmet-02.png\" style=\"max-width:86%;\">\r\n\t\t\t\t\t\t\t\t\t\t\t\t\t\t\t<!--<\/a>-->\r\n\t\t\t\t\t\t\t\t\t\t\t\t\r\n\t\t\t\t\t\t\t\t\t\t\t\t\t\t\t\t\t\t\t\t\t\t\t\t\t\t\t\r\n\t\t\t\t\t\t\t\t\t\t\t\t\t\r\n\t\t\t\t\t\t\t\t\t\t\t\t\t\r\n\t\t\t\t\t\t\t\r\n\t\t\t\t\t\t\t\t\t\t\t\t\t<!-- <button class=\"carousel-control-prev\" data-bs-slide=\"prev\" data-bs-target=\"#carouselIndicators\" type=\"button\">\r\n\t\t\t\t\t\t\t\t\t\t\t\t\t\t<img decoding=\"async\" src=\"\/app\/themes\/mna100\/resources\/assets\/images\/carousel-prev.png\"> \r\n\t\t\t\t\t\t\t\t\t\t\t\t\t\t<span class=\"visually-hidden\">Prev<\/span>\r\n\t\t\t\t\t\t\t\t\t\t\t\t\t<\/button>\r\n\t\t\t\t\t\t\t\t\t\t\t\t\t\r\n\t\t\t\t\t\t\t\t\t\t\t\t\t<button class=\"carousel-control-next\" data-bs-slide=\"next\" data-bs-target=\"#carouselIndicators\" type=\"button\">\r\n\t\t\t\t\t\t\t\t\t\t\t\t\t\t<img decoding=\"async\" src=\"\/app\/themes\/mna100\/resources\/assets\/images\/carousel-next.png\"> \r\n\t\t\t\t\t\t\t\t\t\t\t\t\t\t<span class=\"visually-hidden\">Next<\/span>\r\n\t\t\t\t\t\t\t\t\t\t\t\t\t<\/button> -->\r\n\t\t\t\t\t\t\t\t\t\t\t\t\t\r\n\t\t\t\t\t\t\t\t\t\t\t<\/div>\r\n\t\t\t\t\t\t\t\t\t\t\t<div class=\"row carousel-contentinfo\" style=\"padding:0 15%;\">\r\n\t\t\t\t\t\t\t\t\t\t\t\t\t\t\t\t\t\t\t\t\t\t\t\t\t<div class=\"col-12 col-xl-4 offset-xl-2\">\r\n\t\t\t\t\t\t\t\t\t\t\t\t\t\t\t\t\t\t\t\t\t\t\t\t\t\t\t\t<h3>A large group of people survey the recent excavation works. Image courtesy of the Representative Church Body Library from \u2018Digging for Emmet: Ghostly images from Dublin\u2019s past brought back to life through digitization\u2019 by Bryan Whelan.<\/h3>\r\n\t\t\t\t\t\t\t\t\t\t\t\t\t<\/div>\r\n\t\t\t\t\t\t\t\t\t\t\t\t\t<div class=\"col-12 col-xl-4\">\r\n\t\t\t\t\t\t\t\t\t\t\t\t\t\t<!-- wp:paragraph -->\n<p><\/p>\n<!-- \/wp:paragraph -->\n\n<!-- wp:paragraph -->\n<p><\/p>\n<!-- \/wp:paragraph -->\n\n<!-- wp:paragraph -->\n<p><\/p>\n<!-- \/wp:paragraph -->\t\t\t\t\t\t\t\t\t\t\t\t\t<\/div>\r\n\t\t\t\t\t\t\t\t\t\t\t\t\t\t\t\t\t\t\t\t\t\t\t<\/div>\r\n\t\t\t\t\t\t\t\t\t\t<\/div>\r\n\t\t\t\t\t\t\t\t\t\t\t\t\t\t\t\t\t\t<div class=\"carousel-item \">\r\n\t\t\t\t\t\t\t\t\t\t\t<div class=\"image-container d-flex align-items-center justify-content-center py-5 mt-5 mt-lg-4\">\r\n\t\t\t\t\t\t\t\t\t\t\t\t\t\t\t\t\t\t\t\t\t\t\t\t\t\t\t<!--<a class=\"panzoom-modal\" style=\"max-width:%;\" data-toggle=\"modal\" data-target=\"#panzoomModal\">-->\r\n\t\t\t\t\t\t\t\t\t\t\t\t\t\t\t\t<img decoding=\"async\" loading=\"lazy\" alt=\"This image shows the southern wall of St Peter\u2019s, with an interesting view of the east side of Aungier Street and some buildings that once stood there. Image courtesy of the Representative Church Body Library from \u2018Digging for Emmet: Ghostly images from Dublin\u2019s past brought back to life through digitization\u2019 by Bryan Whelan.\" src=\"https:\/\/www.mna100.ie\/app\/uploads\/2023\/09\/Digging-for-Emmet-03.png\" style=\"max-width:86%;\">\r\n\t\t\t\t\t\t\t\t\t\t\t\t\t\t\t<!--<\/a>-->\r\n\t\t\t\t\t\t\t\t\t\t\t\t\r\n\t\t\t\t\t\t\t\t\t\t\t\t\t\t\t\t\t\t\t\t\t\t\t\t\t\t\t\r\n\t\t\t\t\t\t\t\t\t\t\t\t\t\r\n\t\t\t\t\t\t\t\t\t\t\t\t\t\r\n\t\t\t\t\t\t\t\r\n\t\t\t\t\t\t\t\t\t\t\t\t\t<!-- <button class=\"carousel-control-prev\" data-bs-slide=\"prev\" data-bs-target=\"#carouselIndicators\" type=\"button\">\r\n\t\t\t\t\t\t\t\t\t\t\t\t\t\t<img decoding=\"async\" src=\"\/app\/themes\/mna100\/resources\/assets\/images\/carousel-prev.png\"> \r\n\t\t\t\t\t\t\t\t\t\t\t\t\t\t<span class=\"visually-hidden\">Prev<\/span>\r\n\t\t\t\t\t\t\t\t\t\t\t\t\t<\/button>\r\n\t\t\t\t\t\t\t\t\t\t\t\t\t\r\n\t\t\t\t\t\t\t\t\t\t\t\t\t<button class=\"carousel-control-next\" data-bs-slide=\"next\" data-bs-target=\"#carouselIndicators\" type=\"button\">\r\n\t\t\t\t\t\t\t\t\t\t\t\t\t\t<img decoding=\"async\" src=\"\/app\/themes\/mna100\/resources\/assets\/images\/carousel-next.png\"> \r\n\t\t\t\t\t\t\t\t\t\t\t\t\t\t<span class=\"visually-hidden\">Next<\/span>\r\n\t\t\t\t\t\t\t\t\t\t\t\t\t<\/button> -->\r\n\t\t\t\t\t\t\t\t\t\t\t\t\t\r\n\t\t\t\t\t\t\t\t\t\t\t<\/div>\r\n\t\t\t\t\t\t\t\t\t\t\t<div class=\"row carousel-contentinfo\" style=\"padding:0 15%;\">\r\n\t\t\t\t\t\t\t\t\t\t\t\t\t\t\t\t\t\t\t\t\t\t\t\t\t<div class=\"col-12\">\r\n\t\t\t\t\t\t\t\t\t\t\t\t\t\t\t\t\t\t\t\t\t\t\t\t\t\t\t\t<h3>This image shows the southern wall of St Peter\u2019s, with an interesting view of the east side of Aungier Street and some buildings that once stood there. Image courtesy of the Representative Church Body Library from \u2018Digging for Emmet: Ghostly images from Dublin\u2019s past brought back to life through digitization\u2019 by Bryan Whelan.<\/h3>\r\n\t\t\t\t\t\t\t\t\t\t\t\t\t<\/div>\r\n\t\t\t\t\t\t\t\t\t\t\t\t\t\t\t\t\t\t\t\t\t\t\t<\/div>\r\n\t\t\t\t\t\t\t\t\t\t<\/div>\r\n\t\t\t\t\t\t\t\t\t\t\t\t\t\t\t\t\t\t<div class=\"carousel-item \">\r\n\t\t\t\t\t\t\t\t\t\t\t<div class=\"image-container d-flex align-items-center justify-content-center py-5 mt-5 mt-lg-4\">\r\n\t\t\t\t\t\t\t\t\t\t\t\t\t\t\t\t\t\t\t\t\t\t\t\t\t\t\t<!--<a class=\"panzoom-modal\" style=\"max-width:%;\" data-toggle=\"modal\" data-target=\"#panzoomModal\">-->\r\n\t\t\t\t\t\t\t\t\t\t\t\t\t\t\t\t<img decoding=\"async\" loading=\"lazy\" alt=\"Left to right James E. R. Emmet, Clemency Emmet, Amanda Emmet and Philip Emmet outside the Emmet House on St Stephen\u2019s Green, 1966. Courtesy of the Emmet Family.\" src=\"https:\/\/www.mna100.ie\/app\/uploads\/2023\/09\/P-A-C-and-J-scaled.jpg\" style=\"max-width:86%;\">\r\n\t\t\t\t\t\t\t\t\t\t\t\t\t\t\t<!--<\/a>-->\r\n\t\t\t\t\t\t\t\t\t\t\t\t\r\n\t\t\t\t\t\t\t\t\t\t\t\t\t\t\t\t\t\t\t\t\t\t\t\t\t\t\t\r\n\t\t\t\t\t\t\t\t\t\t\t\t\t\r\n\t\t\t\t\t\t\t\t\t\t\t\t\t\r\n\t\t\t\t\t\t\t\r\n\t\t\t\t\t\t\t\t\t\t\t\t\t<!-- <button class=\"carousel-control-prev\" data-bs-slide=\"prev\" data-bs-target=\"#carouselIndicators\" type=\"button\">\r\n\t\t\t\t\t\t\t\t\t\t\t\t\t\t<img decoding=\"async\" src=\"\/app\/themes\/mna100\/resources\/assets\/images\/carousel-prev.png\"> \r\n\t\t\t\t\t\t\t\t\t\t\t\t\t\t<span class=\"visually-hidden\">Prev<\/span>\r\n\t\t\t\t\t\t\t\t\t\t\t\t\t<\/button>\r\n\t\t\t\t\t\t\t\t\t\t\t\t\t\r\n\t\t\t\t\t\t\t\t\t\t\t\t\t<button class=\"carousel-control-next\" data-bs-slide=\"next\" data-bs-target=\"#carouselIndicators\" type=\"button\">\r\n\t\t\t\t\t\t\t\t\t\t\t\t\t\t<img decoding=\"async\" src=\"\/app\/themes\/mna100\/resources\/assets\/images\/carousel-next.png\"> \r\n\t\t\t\t\t\t\t\t\t\t\t\t\t\t<span class=\"visually-hidden\">Next<\/span>\r\n\t\t\t\t\t\t\t\t\t\t\t\t\t<\/button> -->\r\n\t\t\t\t\t\t\t\t\t\t\t\t\t\r\n\t\t\t\t\t\t\t\t\t\t\t<\/div>\r\n\t\t\t\t\t\t\t\t\t\t\t<div class=\"row carousel-contentinfo\" style=\"padding:0 15%;\">\r\n\t\t\t\t\t\t\t\t\t\t\t\t\t\t\t\t\t\t\t\t\t\t\t\t\t<div class=\"col-12\">\r\n\t\t\t\t\t\t\t\t\t\t\t\t\t\t\t\t\t\t\t\t\t\t\t\t\t\t\t\t<h3>Left to right James E. R. Emmet, Clemency Emmet, Amanda Emmet and Philip Emmet outside the Emmet House on St Stephen\u2019s Green, 1966. Courtesy of the Emmet Family.<\/h3>\r\n\t\t\t\t\t\t\t\t\t\t\t\t\t<\/div>\r\n\t\t\t\t\t\t\t\t\t\t\t\t\t\t\t\t\t\t\t\t\t\t\t<\/div>\r\n\t\t\t\t\t\t\t\t\t\t<\/div>\r\n\t\t\t\t\t\t\t\t\t\t\t\t\t\t\t\t\t\t<div class=\"carousel-item \">\r\n\t\t\t\t\t\t\t\t\t\t\t<div class=\"image-container d-flex align-items-center justify-content-center py-5 mt-5 mt-lg-4\">\r\n\t\t\t\t\t\t\t\t\t\t\t\t\t\t\t\t\t\t\t\t\t\t\t\t\t\t\t<!--<a class=\"panzoom-modal\" style=\"max-width:%;\" data-toggle=\"modal\" data-target=\"#panzoomModal\">-->\r\n\t\t\t\t\t\t\t\t\t\t\t\t\t\t\t\t<img decoding=\"async\" loading=\"lazy\" alt=\"Emmet Antiques shop with Emmet statue in the foreground, 1980. Courtesy of the Emmet family.\" src=\"https:\/\/www.mna100.ie\/app\/uploads\/2023\/09\/RE-statue-70s-scaled.jpg\" style=\"max-width:86%;\">\r\n\t\t\t\t\t\t\t\t\t\t\t\t\t\t\t<!--<\/a>-->\r\n\t\t\t\t\t\t\t\t\t\t\t\t\r\n\t\t\t\t\t\t\t\t\t\t\t\t\t\t\t\t\t\t\t\t\t\t\t\t\t\t\t\r\n\t\t\t\t\t\t\t\t\t\t\t\t\t\r\n\t\t\t\t\t\t\t\t\t\t\t\t\t\r\n\t\t\t\t\t\t\t\r\n\t\t\t\t\t\t\t\t\t\t\t\t\t<!-- <button class=\"carousel-control-prev\" data-bs-slide=\"prev\" data-bs-target=\"#carouselIndicators\" type=\"button\">\r\n\t\t\t\t\t\t\t\t\t\t\t\t\t\t<img decoding=\"async\" src=\"\/app\/themes\/mna100\/resources\/assets\/images\/carousel-prev.png\"> \r\n\t\t\t\t\t\t\t\t\t\t\t\t\t\t<span class=\"visually-hidden\">Prev<\/span>\r\n\t\t\t\t\t\t\t\t\t\t\t\t\t<\/button>\r\n\t\t\t\t\t\t\t\t\t\t\t\t\t\r\n\t\t\t\t\t\t\t\t\t\t\t\t\t<button class=\"carousel-control-next\" data-bs-slide=\"next\" data-bs-target=\"#carouselIndicators\" type=\"button\">\r\n\t\t\t\t\t\t\t\t\t\t\t\t\t\t<img decoding=\"async\" src=\"\/app\/themes\/mna100\/resources\/assets\/images\/carousel-next.png\"> \r\n\t\t\t\t\t\t\t\t\t\t\t\t\t\t<span class=\"visually-hidden\">Next<\/span>\r\n\t\t\t\t\t\t\t\t\t\t\t\t\t<\/button> -->\r\n\t\t\t\t\t\t\t\t\t\t\t\t\t\r\n\t\t\t\t\t\t\t\t\t\t\t<\/div>\r\n\t\t\t\t\t\t\t\t\t\t\t<div class=\"row carousel-contentinfo\" style=\"padding:0 15%;\">\r\n\t\t\t\t\t\t\t\t\t\t\t\t\t\t\t\t\t\t\t\t\t\t\t\t\t<div class=\"col-12\">\r\n\t\t\t\t\t\t\t\t\t\t\t\t\t\t\t\t\t\t\t\t\t\t\t\t\t\t\t\t<h3>Emmet Antiques shop with Emmet statue in the foreground, 1980. Courtesy of the Emmet family.<\/h3>\r\n\t\t\t\t\t\t\t\t\t\t\t\t\t<\/div>\r\n\t\t\t\t\t\t\t\t\t\t\t\t\t\t\t\t\t\t\t\t\t\t\t<\/div>\r\n\t\t\t\t\t\t\t\t\t\t<\/div>\r\n\t\t\t\t\t\t\t\t\t\t\t\t\t\t\t\t\t\t<div class=\"carousel-item \">\r\n\t\t\t\t\t\t\t\t\t\t\t<div class=\"image-container d-flex align-items-center justify-content-center py-5 mt-5 mt-lg-4\">\r\n\t\t\t\t\t\t\t\t\t\t\t\t\t\t\t\t\t\t\t\t\t\t\t\t\t\t\t<!--<a class=\"panzoom-modal\" style=\"max-width:%;\" data-toggle=\"modal\" data-target=\"#panzoomModal\">-->\r\n\t\t\t\t\t\t\t\t\t\t\t\t\t\t\t\t<img decoding=\"async\" loading=\"lazy\" alt=\"Thomas and Ferdy Emmet standing at the Robert Emmet Statue, 2003. Courtesy of the Emmet Family.\" src=\"https:\/\/www.mna100.ie\/app\/uploads\/2023\/09\/T-and-F-at-RE-long-scaled.jpg\" style=\"max-width:86%;\">\r\n\t\t\t\t\t\t\t\t\t\t\t\t\t\t\t<!--<\/a>-->\r\n\t\t\t\t\t\t\t\t\t\t\t\t\r\n\t\t\t\t\t\t\t\t\t\t\t\t\t\t\t\t\t\t\t\t\t\t\t\t\t\t\t\r\n\t\t\t\t\t\t\t\t\t\t\t\t\t\r\n\t\t\t\t\t\t\t\t\t\t\t\t\t\r\n\t\t\t\t\t\t\t\r\n\t\t\t\t\t\t\t\t\t\t\t\t\t<!-- <button class=\"carousel-control-prev\" data-bs-slide=\"prev\" data-bs-target=\"#carouselIndicators\" type=\"button\">\r\n\t\t\t\t\t\t\t\t\t\t\t\t\t\t<img decoding=\"async\" src=\"\/app\/themes\/mna100\/resources\/assets\/images\/carousel-prev.png\"> \r\n\t\t\t\t\t\t\t\t\t\t\t\t\t\t<span class=\"visually-hidden\">Prev<\/span>\r\n\t\t\t\t\t\t\t\t\t\t\t\t\t<\/button>\r\n\t\t\t\t\t\t\t\t\t\t\t\t\t\r\n\t\t\t\t\t\t\t\t\t\t\t\t\t<button class=\"carousel-control-next\" data-bs-slide=\"next\" data-bs-target=\"#carouselIndicators\" type=\"button\">\r\n\t\t\t\t\t\t\t\t\t\t\t\t\t\t<img decoding=\"async\" src=\"\/app\/themes\/mna100\/resources\/assets\/images\/carousel-next.png\"> \r\n\t\t\t\t\t\t\t\t\t\t\t\t\t\t<span class=\"visually-hidden\">Next<\/span>\r\n\t\t\t\t\t\t\t\t\t\t\t\t\t<\/button> -->\r\n\t\t\t\t\t\t\t\t\t\t\t\t\t\r\n\t\t\t\t\t\t\t\t\t\t\t<\/div>\r\n\t\t\t\t\t\t\t\t\t\t\t<div class=\"row carousel-contentinfo\" style=\"padding:0 15%;\">\r\n\t\t\t\t\t\t\t\t\t\t\t\t\t\t\t\t\t\t\t\t\t\t\t\t\t<div class=\"col-12\">\r\n\t\t\t\t\t\t\t\t\t\t\t\t\t\t\t\t\t\t\t\t\t\t\t\t\t\t\t\t<h3>Thomas and Ferdy Emmet standing at the Robert Emmet Statue, 2003. Courtesy of the Emmet Family.<\/h3>\r\n\t\t\t\t\t\t\t\t\t\t\t\t\t<\/div>\r\n\t\t\t\t\t\t\t\t\t\t\t\t\t\t\t\t\t\t\t\t\t\t\t<\/div>\r\n\t\t\t\t\t\t\t\t\t\t<\/div>\r\n\t\t\t\t\t\t\t\t\t\t\t\t\t\t\t<\/div>\r\n\r\n\t\t\t\t\t\t\t<button class=\"carousel-control-prev\" data-bs-slide=\"prev\" data-bs-target=\"#carouselIndicators\" type=\"button\">\r\n\t\t\t\t\t\t\t\t<img decoding=\"async\" src=\"\/app\/themes\/mna100\/resources\/assets\/images\/carousel-prev.png\"> \r\n\t\t\t\t\t\t\t\t<span class=\"visually-hidden\">Prev<\/span>\r\n\t\t\t\t\t\t\t<\/button>\r\n\t\t\t\t\t\t\t\r\n\t\t\t\t\t\t\t<button class=\"carousel-control-next\" data-bs-slide=\"next\" data-bs-target=\"#carouselIndicators\" type=\"button\">\r\n\t\t\t\t\t\t\t\t<img decoding=\"async\" src=\"\/app\/themes\/mna100\/resources\/assets\/images\/carousel-next.png\"> \r\n\t\t\t\t\t\t\t\t<span class=\"visually-hidden\">Next<\/span>\r\n\t\t\t\t\t\t\t<\/button>\r\n\t\t\t\t\t\t\t\r\n\t\t\t\t\t\t\t<!--\r\n\t\t\t\t\t\t\t<a class=\"carousel-fullscreen\" data-bs-toggle=\"modal\" data-bs-target=\"#carouselModal\">View fullscreen <i class=\"fas fa-expand ml-2\"><\/i><\/a>\r\n\t\t\t\t\t\t\t-->\r\n\t\t\t\t\t\t<\/div>\r\n\t\t\t\t\t<\/div>\r\n\t\t\t\t\t\t\t\t\r\n\t\t\t<\/div>\r\n\t\t<\/div>\r\n\t<\/div>\r\n<\/section>\r\n<\/div>","protected":false},"excerpt":{"rendered":"<p>San eagr\u00e1n podchraolt\u00f3ireachta seo, scr\u00fada\u00edtear na himeachta\u00ed a tharla 100 bliain \u00f3 shin maidir le ballra\u00edocht na h\u00c9ireann i gConradh na N\u00e1isi\u00fan agus san Eagra\u00edocht Idirn\u00e1isi\u00fanta Saothair \u00f3n mbliain 1923 amach.\u00a0 Beidh an tOllamh Mary Daly, Francis Devine, Phillip Emmet agus Thomas Emmet le cloiste\u00e1il.\u00a0 Is \u00e9 seo an t-eagr\u00e1n deireanach faoin teideal \u2013 Is &hellip; <a href=\"https:\/\/www.mna100.ie\/ga\/centenary-moments\/ireland-among-the-nations\/\">Continued<\/a><\/p>\n","protected":false},"author":4,"featured_media":5083,"menu_order":0,"comment_status":"open","ping_status":"closed","template":"","categories":[36],"class_list":["post-5660","centenary-moments","type-centenary-moments","status-publish","has-post-thumbnail","hentry","category-podcast06"],"acf":[],"yoast_head":"<!-- This site is optimized with the Yoast SEO plugin v27.2 - https:\/\/yoast.com\/product\/yoast-seo-wordpress\/ -->\n<title>Ireland: Among the Nations - Mn\u00e1 100<\/title>\n<meta name=\"robots\" content=\"index, follow, max-snippet:-1, max-image-preview:large, max-video-preview:-1\" \/>\n<link rel=\"canonical\" href=\"https:\/\/www.mna100.ie\/ga\/centenary-moments\/ireland-among-the-nations\/\" \/>\n<meta property=\"og:locale\" content=\"ga_IE\" \/>\n<meta property=\"og:type\" content=\"article\" \/>\n<meta property=\"og:title\" content=\"Ireland: Among the Nations - Mn\u00e1 100\" \/>\n<meta property=\"og:description\" content=\"San eagr\u00e1n podchraolt\u00f3ireachta seo, scr\u00fada\u00edtear na himeachta\u00ed a tharla 100 bliain \u00f3 shin maidir le ballra\u00edocht na h\u00c9ireann i gConradh na N\u00e1isi\u00fan agus san Eagra\u00edocht Idirn\u00e1isi\u00fanta Saothair \u00f3n mbliain 1923 amach.\u00a0 Beidh an tOllamh Mary Daly, Francis Devine, Phillip Emmet agus Thomas Emmet le cloiste\u00e1il.\u00a0 Is \u00e9 seo an t-eagr\u00e1n deireanach faoin teideal \u2013 Is &hellip; Continued\" \/>\n<meta property=\"og:url\" content=\"https:\/\/www.mna100.ie\/ga\/centenary-moments\/ireland-among-the-nations\/\" \/>\n<meta property=\"og:site_name\" content=\"Mn\u00e1 100\" \/>\n<meta property=\"article:publisher\" content=\"https:\/\/www.facebook.com\/DepartmentofCultureIRL\/\" \/>\n<meta property=\"article:modified_time\" content=\"2024-07-09T15:03:10+00:00\" \/>\n<meta property=\"og:image\" content=\"https:\/\/www.mna100.ie\/app\/uploads\/2023\/09\/League_of_Nations_1923.jpg\" \/>\n\t<meta property=\"og:image:width\" content=\"1486\" \/>\n\t<meta property=\"og:image:height\" content=\"1181\" \/>\n\t<meta property=\"og:image:type\" content=\"image\/jpeg\" \/>\n<meta name=\"twitter:card\" content=\"summary_large_image\" \/>\n<meta name=\"twitter:site\" content=\"@DeptCulturelRL\" \/>\n<meta name=\"twitter:label1\" content=\"Est. reading time\" \/>\n\t<meta name=\"twitter:data1\" content=\"5 minutes\" \/>\n<script type=\"application\/ld+json\" class=\"yoast-schema-graph\">{\"@context\":\"https:\/\/schema.org\",\"@graph\":[{\"@type\":\"WebPage\",\"@id\":\"https:\/\/www.mna100.ie\/ga\/centenary-moments\/ireland-among-the-nations\/\",\"url\":\"https:\/\/www.mna100.ie\/ga\/centenary-moments\/ireland-among-the-nations\/\",\"name\":\"Ireland: Among the Nations - Mn\u00e1 100\",\"isPartOf\":{\"@id\":\"https:\/\/www.mna100.ie\/#website\"},\"primaryImageOfPage\":{\"@id\":\"https:\/\/www.mna100.ie\/ga\/centenary-moments\/ireland-among-the-nations\/#primaryimage\"},\"image\":{\"@id\":\"https:\/\/www.mna100.ie\/ga\/centenary-moments\/ireland-among-the-nations\/#primaryimage\"},\"thumbnailUrl\":\"https:\/\/www.mna100.ie\/app\/uploads\/2023\/09\/League_of_Nations_1923.jpg\",\"datePublished\":\"2023-09-09T15:02:00+00:00\",\"dateModified\":\"2024-07-09T15:03:10+00:00\",\"breadcrumb\":{\"@id\":\"https:\/\/www.mna100.ie\/ga\/centenary-moments\/ireland-among-the-nations\/#breadcrumb\"},\"inLanguage\":\"ga-IE\",\"potentialAction\":[{\"@type\":\"ReadAction\",\"target\":[\"https:\/\/www.mna100.ie\/ga\/centenary-moments\/ireland-among-the-nations\/\"]}]},{\"@type\":\"ImageObject\",\"inLanguage\":\"ga-IE\",\"@id\":\"https:\/\/www.mna100.ie\/ga\/centenary-moments\/ireland-among-the-nations\/#primaryimage\",\"url\":\"https:\/\/www.mna100.ie\/app\/uploads\/2023\/09\/League_of_Nations_1923.jpg\",\"contentUrl\":\"https:\/\/www.mna100.ie\/app\/uploads\/2023\/09\/League_of_Nations_1923.jpg\",\"width\":1486,\"height\":1181},{\"@type\":\"BreadcrumbList\",\"@id\":\"https:\/\/www.mna100.ie\/ga\/centenary-moments\/ireland-among-the-nations\/#breadcrumb\",\"itemListElement\":[{\"@type\":\"ListItem\",\"position\":1,\"name\":\"Centenary Moments\",\"item\":\"https:\/\/www.mna100.ie\/centenary-moments\/\"},{\"@type\":\"ListItem\",\"position\":2,\"name\":\"Ireland: Among the Nations\"}]},{\"@type\":\"WebSite\",\"@id\":\"https:\/\/www.mna100.ie\/#website\",\"url\":\"https:\/\/www.mna100.ie\/\",\"name\":\"Mn\u00e1 100\",\"description\":\"Highlighting the role of women during this Decade of Centenaries.\",\"potentialAction\":[{\"@type\":\"SearchAction\",\"target\":{\"@type\":\"EntryPoint\",\"urlTemplate\":\"https:\/\/www.mna100.ie\/?s={search_term_string}\"},\"query-input\":{\"@type\":\"PropertyValueSpecification\",\"valueRequired\":true,\"valueName\":\"search_term_string\"}}],\"inLanguage\":\"ga-IE\"}]}<\/script>\n<!-- \/ Yoast SEO plugin. -->","yoast_head_json":{"title":"Ireland: Among the Nations - Mn\u00e1 100","robots":{"index":"index","follow":"follow","max-snippet":"max-snippet:-1","max-image-preview":"max-image-preview:large","max-video-preview":"max-video-preview:-1"},"canonical":"https:\/\/www.mna100.ie\/ga\/centenary-moments\/ireland-among-the-nations\/","og_locale":"ga_IE","og_type":"article","og_title":"Ireland: Among the Nations - Mn\u00e1 100","og_description":"San eagr\u00e1n podchraolt\u00f3ireachta seo, scr\u00fada\u00edtear na himeachta\u00ed a tharla 100 bliain \u00f3 shin maidir le ballra\u00edocht na h\u00c9ireann i gConradh na N\u00e1isi\u00fan agus san Eagra\u00edocht Idirn\u00e1isi\u00fanta Saothair \u00f3n mbliain 1923 amach.\u00a0 Beidh an tOllamh Mary Daly, Francis Devine, Phillip Emmet agus Thomas Emmet le cloiste\u00e1il.\u00a0 Is \u00e9 seo an t-eagr\u00e1n deireanach faoin teideal \u2013 Is &hellip; Continued","og_url":"https:\/\/www.mna100.ie\/ga\/centenary-moments\/ireland-among-the-nations\/","og_site_name":"Mn\u00e1 100","article_publisher":"https:\/\/www.facebook.com\/DepartmentofCultureIRL\/","article_modified_time":"2024-07-09T15:03:10+00:00","og_image":[{"width":1486,"height":1181,"url":"https:\/\/www.mna100.ie\/app\/uploads\/2023\/09\/League_of_Nations_1923.jpg","type":"image\/jpeg"}],"twitter_card":"summary_large_image","twitter_site":"@DeptCulturelRL","twitter_misc":{"Est. reading time":"5 minutes"},"schema":{"@context":"https:\/\/schema.org","@graph":[{"@type":"WebPage","@id":"https:\/\/www.mna100.ie\/ga\/centenary-moments\/ireland-among-the-nations\/","url":"https:\/\/www.mna100.ie\/ga\/centenary-moments\/ireland-among-the-nations\/","name":"Ireland: Among the Nations - Mn\u00e1 100","isPartOf":{"@id":"https:\/\/www.mna100.ie\/#website"},"primaryImageOfPage":{"@id":"https:\/\/www.mna100.ie\/ga\/centenary-moments\/ireland-among-the-nations\/#primaryimage"},"image":{"@id":"https:\/\/www.mna100.ie\/ga\/centenary-moments\/ireland-among-the-nations\/#primaryimage"},"thumbnailUrl":"https:\/\/www.mna100.ie\/app\/uploads\/2023\/09\/League_of_Nations_1923.jpg","datePublished":"2023-09-09T15:02:00+00:00","dateModified":"2024-07-09T15:03:10+00:00","breadcrumb":{"@id":"https:\/\/www.mna100.ie\/ga\/centenary-moments\/ireland-among-the-nations\/#breadcrumb"},"inLanguage":"ga-IE","potentialAction":[{"@type":"ReadAction","target":["https:\/\/www.mna100.ie\/ga\/centenary-moments\/ireland-among-the-nations\/"]}]},{"@type":"ImageObject","inLanguage":"ga-IE","@id":"https:\/\/www.mna100.ie\/ga\/centenary-moments\/ireland-among-the-nations\/#primaryimage","url":"https:\/\/www.mna100.ie\/app\/uploads\/2023\/09\/League_of_Nations_1923.jpg","contentUrl":"https:\/\/www.mna100.ie\/app\/uploads\/2023\/09\/League_of_Nations_1923.jpg","width":1486,"height":1181},{"@type":"BreadcrumbList","@id":"https:\/\/www.mna100.ie\/ga\/centenary-moments\/ireland-among-the-nations\/#breadcrumb","itemListElement":[{"@type":"ListItem","position":1,"name":"Centenary Moments","item":"https:\/\/www.mna100.ie\/centenary-moments\/"},{"@type":"ListItem","position":2,"name":"Ireland: Among the Nations"}]},{"@type":"WebSite","@id":"https:\/\/www.mna100.ie\/#website","url":"https:\/\/www.mna100.ie\/","name":"Mn\u00e1 100","description":"Highlighting the role of women during this Decade of Centenaries.","potentialAction":[{"@type":"SearchAction","target":{"@type":"EntryPoint","urlTemplate":"https:\/\/www.mna100.ie\/?s={search_term_string}"},"query-input":{"@type":"PropertyValueSpecification","valueRequired":true,"valueName":"search_term_string"}}],"inLanguage":"ga-IE"}]}},"_links":{"self":[{"href":"https:\/\/www.mna100.ie\/ga\/wp-json\/wp\/v2\/centenary-moments\/5660","targetHints":{"allow":["GET"]}}],"collection":[{"href":"https:\/\/www.mna100.ie\/ga\/wp-json\/wp\/v2\/centenary-moments"}],"about":[{"href":"https:\/\/www.mna100.ie\/ga\/wp-json\/wp\/v2\/types\/centenary-moments"}],"author":[{"embeddable":true,"href":"https:\/\/www.mna100.ie\/ga\/wp-json\/wp\/v2\/users\/4"}],"replies":[{"embeddable":true,"href":"https:\/\/www.mna100.ie\/ga\/wp-json\/wp\/v2\/comments?post=5660"}],"version-history":[{"count":6,"href":"https:\/\/www.mna100.ie\/ga\/wp-json\/wp\/v2\/centenary-moments\/5660\/revisions"}],"predecessor-version":[{"id":5666,"href":"https:\/\/www.mna100.ie\/ga\/wp-json\/wp\/v2\/centenary-moments\/5660\/revisions\/5666"}],"wp:featuredmedia":[{"embeddable":true,"href":"https:\/\/www.mna100.ie\/ga\/wp-json\/wp\/v2\/media\/5083"}],"wp:attachment":[{"href":"https:\/\/www.mna100.ie\/ga\/wp-json\/wp\/v2\/media?parent=5660"}],"wp:term":[{"taxonomy":"category","embeddable":true,"href":"https:\/\/www.mna100.ie\/ga\/wp-json\/wp\/v2\/categories?post=5660"}],"curies":[{"name":"wp","href":"https:\/\/api.w.org\/{rel}","templated":true}]}}